{"id":4310,"date":"2017-04-11T09:21:32","date_gmt":"2017-04-11T09:21:32","guid":{"rendered":"http:\/\/www.charlotteacklin.com\/wordpress\/?post_type=portfolio&#038;p=4310"},"modified":"2017-05-04T10:30:05","modified_gmt":"2017-05-04T10:30:05","slug":"der-dalai-lama-gottkonig-der-tibeter-engl-titel","status":"publish","type":"portfolio","link":"http:\/\/www.charlotteacklin.com\/wordpress\/portfolio\/der-dalai-lama-gottkonig-der-tibeter-engl-titel\/","title":{"rendered":"Der Dalai Lama &#8211; Gottk\u00f6nig der Tibeter? | The Dalai Lama \u2013 Tibetans\u2019 God-king?"},"content":{"rendered":"<p><span class=\"image-placeholder video\" style=\"padding-bottom:56.29629630%\"><video controls class=\"video-js-el vjs-default-skin vjs-minimal-skin wp-video-shortcode\" src preload=\"auto\" width=\"945\" height=\"532\" mp4=\"http:\/\/www.charlotteacklin.com\/wordpress\/wp-content\/uploads\/2017\/04\/clip05.mp4\" data-vsetup=\"[]\" playsinline=\"playsinline\"><source type=\"video\/mp4\" src=\"http:\/\/www.charlotteacklin.com\/wordpress\/wp-content\/uploads\/2017\/04\/clip05.mp4?_=1\" \/><\/video><\/span><br \/>\n<br \/>\nDer 14. Dalai Lama ist einer der gro\u00dfen, im tibetischen Buddhismus verankerten geistigen F\u00fchrer unserer Zeit. In den letzten Jahren hat sich ein weltweites und st\u00fcrmisches Interesse an seiner Person und seiner Botschaft entwickelt. \u2013 Der Film schildert das dramatische Leben eines Menschen, der im Alter von zwei Jahren zum Gottk\u00f6nig bestimmt wurde, als 19-j\u00e4hriger der Gro\u00dfmacht China die Stirn bieten musste und seit nunmehr \u00fcber 50 Jahren f\u00fcr die Autonomie seines Volkes k\u00e4mpft.<\/p>\n<p>Dokumentarfilm | ARD\/3sat\/ARTE (Nominierung f\u00fcr Adolf-Grimme-Preis)<br \/>\n<span style=\"color: grey;\"><br \/>\nThe 14th Dalai Lama is one of the great modern-day spiritual leaders positioned in Tibetan Buddhism. The last years have seen a global and ardent growth of interest in his persona and his message. &#8211;  The film gives an account of the dramatic life of a man, who at the age of two is declared to be the god-king, as a 19 year-old forced to bravely stand up against the Great Power China and who has now fought for over 50 years for the autonomy of his people.<br \/>\n<span style=\"color: grey;\"><br \/>\nDocumentary  | ARD\/3sat\/ARTE (nominated for the Grimme Award)<\/p>\n","protected":false},"excerpt":{"rendered":"<p>Der 14. Dalai Lama ist einer der gro\u00dfen, im tibetischen Buddhismus verankerten geistigen F\u00fchrer unserer Zeit. In den letzten Jahren hat sich ein weltweites und st\u00fcrmisches Interesse an seiner Person und seiner Botschaft entwickelt. \u2013 Der Film schildert das dramatische Leben eines Menschen, der im Alter von zwei Jahren zum Gottk\u00f6nig bestimmt wurde, als 19-j\u00e4hriger&hellip;<\/p>\n","protected":false},"author":1,"featured_media":4714,"comment_status":"open","ping_status":"closed","template":"","meta":{"_acf_changed":false,"footnotes":""},"portfolio_category":[39],"portfolio_tag":[],"class_list":["post-4310","portfolio","type-portfolio","status-publish","has-post-thumbnail","hentry","portfolio_category-cinema"],"acf":[],"_links":{"self":[{"href":"http:\/\/www.charlotteacklin.com\/wordpress\/wp-json\/wp\/v2\/portfolio\/4310","targetHints":{"allow":["GET"]}}],"collection":[{"href":"http:\/\/www.charlotteacklin.com\/wordpress\/wp-json\/wp\/v2\/portfolio"}],"about":[{"href":"http:\/\/www.charlotteacklin.com\/wordpress\/wp-json\/wp\/v2\/types\/portfolio"}],"author":[{"embeddable":true,"href":"http:\/\/www.charlotteacklin.com\/wordpress\/wp-json\/wp\/v2\/users\/1"}],"replies":[{"embeddable":true,"href":"http:\/\/www.charlotteacklin.com\/wordpress\/wp-json\/wp\/v2\/comments?post=4310"}],"version-history":[{"count":5,"href":"http:\/\/www.charlotteacklin.com\/wordpress\/wp-json\/wp\/v2\/portfolio\/4310\/revisions"}],"predecessor-version":[{"id":4755,"href":"http:\/\/www.charlotteacklin.com\/wordpress\/wp-json\/wp\/v2\/portfolio\/4310\/revisions\/4755"}],"wp:featuredmedia":[{"embeddable":true,"href":"http:\/\/www.charlotteacklin.com\/wordpress\/wp-json\/wp\/v2\/media\/4714"}],"wp:attachment":[{"href":"http:\/\/www.charlotteacklin.com\/wordpress\/wp-json\/wp\/v2\/media?parent=4310"}],"wp:term":[{"taxonomy":"portfolio_category","embeddable":true,"href":"http:\/\/www.charlotteacklin.com\/wordpress\/wp-json\/wp\/v2\/portfolio_category?post=4310"},{"taxonomy":"portfolio_tag","embeddable":true,"href":"http:\/\/www.charlotteacklin.com\/wordpress\/wp-json\/wp\/v2\/portfolio_tag?post=4310"}],"curies":[{"name":"wp","href":"https:\/\/api.w.org\/{rel}","templated":true}]}}